{"id":517,"date":"2021-12-12T11:04:39","date_gmt":"2021-12-12T11:04:39","guid":{"rendered":"https:\/\/arquitecturasincera.com\/?page_id=517"},"modified":"2022-01-19T18:25:09","modified_gmt":"2022-01-19T18:25:09","slug":"lestudi","status":"publish","type":"page","link":"https:\/\/arquitecturasincera.com\/ca\/lestudi\/","title":{"rendered":"L'estudi"},"content":{"rendered":"<section id=\"section-134-98\" class=\" ct-section  ct-section-with-shape-divider\" style=\"background-image:linear-gradient(rgba(95,108,89,0.7), rgba(95,108,89,0.7)), url(https:\/\/arquitecturasincera.com\/wp-content\/uploads\/2021\/11\/el-estudio.jpg);background-size:auto,  cover;\" ><div class=\"ct-section-inner-wrap\"><h1 id=\"headline-135-98\" class=\"ct-headline as-hero-h1\"><span id=\"span-136-98\" class=\"ct-span\" >L'estudi<\/span><\/h1>\n\t\t<div id=\"-shape-divider-137-98\" class=\"oxy-shape-divider as-shape-divider \" >        \n        <div class=\"oxy_shape_divider\" >\n            <svg xmlns=\"http:\/\/www.w3.org\/2000\/svg\" viewBox=\"0 0 1440.06 125\" preserveAspectRatio=\"none\"><defs><style>.cls-1{fill:#fff;}.cls-2{fill:#819678;}.cls-3{fill:#91ab85;}<\/style><\/defs><g id=\"Capa_2\" data-name=\"Capa 2\"><g id=\"Capa_1-2\" data-name=\"Capa 1\"><path class=\"cls-1\" d=\"M0,9S263.5,70.5,713,73.5,1440,0,1440,0V125H0Z\"\/><path class=\"cls-2\" d=\"M0,15.31C624,168.11,1219.67,63.67,1440,0,903.2,116.4,257.17,53.91,0,.41Z\"\/><path class=\"cls-3\" d=\"M1440.06,15.35C816.06,168.15,220.33,79,0,15.31,536.8,131.71,1182.83,53.5,1440,0Z\"\/><\/g><\/g><\/svg>        <\/div>\n\n        <\/div>\n\n\t\t<\/div><\/section>\n\n<section id=\"section-7-98\" class=\" ct-section\" ><div class=\"ct-section-inner-wrap\"><div id=\"div_block-139-98\" class=\"ct-div-block\" ><div id=\"div_block-140-98\" class=\"ct-div-block es-bar\" ><\/div><h2 id=\"headline-141-98\" class=\"ct-headline es-estudio-h2\">Qui est\u00e0 al capdavant d'Arquitectura Sincera<\/h2><div id=\"text_block-142-98\" class=\"ct-text-block\" >Arquitectura Sincera col\u00b7labora amb diferents professionals (arquitectes, aparelladors, interioristes, enginyers,\u2026) per donar un servei 360\u00ba als nostres clients.<\/div><\/div><div id=\"new_columns-15-98\" class=\"ct-new-columns\" ><div id=\"div_block-16-98\" class=\"ct-div-block\" ><img decoding=\"async\"  id=\"image-18-98\" alt=\"\" src=\"https:\/\/arquitecturasincera.com\/wp-content\/uploads\/2021\/11\/image-7-1.jpg\" class=\"ct-image\"\/><\/div><div id=\"div_block-17-98\" class=\"ct-div-block\" ><div id=\"text_block-20-98\" class=\"ct-text-block\" ><span id=\"span-24-98\" class=\"ct-span oxygenberg-span-24-98 oxygenberg-element\">PATRICIA CALVO VISIEDO<\/span>\t<br>(Founder- Arquitecta &amp; Passive House Designer)\t<br><\/div><div id=\"_rich_text-151-98\" class=\"oxy-rich-text\" ><p>S&oacute;c la Patricia Calvo, arquitecta especialitzada en geobiologia i creaci&oacute; d'espais energ&egrave;ticament eficients. Vaig estudiar entre Sant Cugat del Vall&egrave;s i Mil&agrave;, i em vaig graduar al 2011 a l'ETSAV (UPC-Sant Cugat del Vall&egrave;s). La meva experi&egrave;ncia professional comen&ccedil;a en un despatx d'arquitectura a Terrassa el 2005 i es perllongar&agrave; durant tots els estudis universitaris, a m&eacute;s d'ampliar aquesta experi&egrave;ncia amb projectes propis entre Barcelona i Londres. &Eacute;s despr&eacute;s de dirigir un departament t&egrave;cnic en una empresa de cases prefabricades que decideixo emprendre el meu propi cam&iacute; fundant el meu estudi d'arquitectura, on <span style=\"color: #71806a; font-weight: bold;\">una de les meves inquietuds personals &eacute;s la conservaci&oacute; del medi ambient amb un treball &egrave;tic i responsable a favor dels interessos del client<\/span>, explicant, sense cap mena de trampa, com &eacute;s realment tot el proc&eacute;s de disseny i construcci&oacute; d'una llar respectuosa amb el nostre planeta i amb beneficis per a la salut per a les persones.<\/p><\/div><\/div><\/div><\/div><\/section>\n\n<section id=\"section-31-98\" class=\" ct-section\" style=\"background-image:linear-gradient(rgba(40,63,36,0.7), rgba(40,63,36,0.7)), url(https:\/\/arquitecturasincera.com\/wp-content\/uploads\/2021\/11\/image-9.jpg);background-size:auto,  cover;\" ><div class=\"ct-section-inner-wrap\"><div id=\"_rich_text-35-98\" class=\"oxy-rich-text es-estudio-h2\" ><p><span style=\"color: #80ab6c;\">&ldquo;<\/span>L'aleteig d'una papallona es pot sentir a l'altra banda del m&oacute;n.<span style=\"color: #80ab6c;\">&rdquo;<\/span><\/p><\/div><div id=\"text_block-37-98\" class=\"ct-text-block\" >Al meu entendre, aix\u00f2 ho podem aplicar a l'arquitectura: per petita que sigui la nostra acci\u00f3 dins del projecte sempre ser\u00e0 millor que no fer res:<br><\/div><div id=\"div_block-49-98\" class=\"ct-div-block\" ><div id=\"div_block-56-98\" class=\"ct-div-block\" ><div id=\"div_block-50-98\" class=\"ct-div-block es-estudio-cards\" ><img decoding=\"async\"  id=\"image-53-98\" alt=\"\" src=\"https:\/\/arquitecturasincera.com\/wp-content\/uploads\/2021\/11\/Vector-4.svg\" class=\"ct-image\"\/><\/div><div id=\"text_block-66-98\" class=\"ct-text-block as-estudio-cards-txt\" >\u00das de materials ecol\u00f2gics<\/div><\/div><div id=\"div_block-51-98\" class=\"ct-div-block\" ><div id=\"div_block-57-98\" class=\"ct-div-block es-estudio-cards\" ><img decoding=\"async\"  id=\"image-54-98\" alt=\"\" src=\"https:\/\/arquitecturasincera.com\/wp-content\/uploads\/2021\/11\/Vector-3.svg\" class=\"ct-image\"\/><\/div><div id=\"text_block-69-98\" class=\"ct-text-block as-estudio-cards-txt\" >Disseny d'habitatges amb baixa demanda energ\u00e8tica<\/div><\/div><div id=\"div_block-52-98\" class=\"ct-div-block\" ><div id=\"div_block-59-98\" class=\"ct-div-block es-estudio-cards\" ><img decoding=\"async\"  id=\"image-61-98\" alt=\"\" src=\"https:\/\/arquitecturasincera.com\/wp-content\/uploads\/2021\/11\/Vector-2.svg\" class=\"ct-image\"\/><\/div><div id=\"text_block-73-98\" class=\"ct-text-block as-estudio-cards-txt\" >Energies renovables a les nostres llars<\/div><\/div><\/div><\/div><\/section>\n\n<section id=\"section-152-98\" class=\" ct-section\" ><div class=\"ct-section-inner-wrap\"><div id=\"new_columns-76-98\" class=\"ct-new-columns\" ><div id=\"div_block-77-98\" class=\"ct-div-block\" ><div id=\"text_block-79-98\" class=\"ct-text-block\" >Per aix\u00f2, durant tota la meva carrera professional he estat formant-me cont\u00ednuament en geobiologia, efici\u00e8ncia energ\u00e8tica i amb <i>Passive House,<\/i> amb la finalitat de crear espais saludables i eficients capa\u00e7os d'aportar a l'usuari el confort desitjat, aix\u00ed com minimitzar l'impacte de les construccions i \u00fas d'aquestes al nostre entorn i a la nostra salut.&nbsp;<div>Per aplicar tots aquests principis i materialitzar el projecte dissenyat, els nostres col\u00b7laboradors comparteixen aquests principis i aporten valor afegit a cada projecte, sent capa\u00e7os de proposar el sistema estructural amb menys repercussi\u00f3 d'emissions de CO2 en la seva fabricaci\u00f3 i muntatge, estudiar quin sistema constructiu generar\u00e0 menys residus aix\u00ed com assegurar que la construcci\u00f3 no minimitza els condicionants d'inici i s'aconseguir\u00e0 amb \u00e8xit executar l'obra com estava previst al projecte sense reduir l'efici\u00e8ncia energ\u00e8tica, la sostenibilitat del projecte aix\u00ed com tampoc l'est\u00e8tica desitjada.<br><\/div><\/div><\/div><div id=\"div_block-78-98\" class=\"ct-div-block\" ><div id=\"div_block-129-98\" class=\"ct-div-block\" ><div id=\"div_block-125-98\" class=\"ct-div-block\" ><img decoding=\"async\"  id=\"image-126-98\" alt=\"\" src=\"https:\/\/arquitecturasincera.com\/wp-content\/uploads\/2021\/11\/architect-with-model-of-a-house-sitting-at-the-des-2021-08-27-17-58-24-utc-1-1.jpg\" class=\"ct-image\"\/><\/div><div id=\"div_block-124-98\" class=\"ct-div-block\" ><\/div><\/div><\/div><\/div><\/div><\/section>\n\n<section id=\"section-75-98\" class=\" ct-section\" ><div class=\"ct-section-inner-wrap\"><div id=\"div_block-89-98\" class=\"ct-div-block es-bar\" ><\/div><h2 id=\"headline-90-98\" class=\"ct-headline as-header-2\">Els nostres col\u00b7laboradors<\/h2><div id=\"div_block-92-98\" class=\"ct-div-block\" ><div id=\"div_block-93-98\" class=\"ct-div-block\" ><img decoding=\"async\"  id=\"image-96-98\" alt=\"\" src=\"https:\/\/arquitecturasincera.com\/wp-content\/uploads\/2021\/11\/image-10.jpg\" class=\"ct-image as-colaboradores-img\"\/><div id=\"text_block-144-98\" class=\"ct-text-block as-colaboradores-txt\" >El Sergi aporta el seu coneixement per fer els c\u00e0lculs de les estructures dels nostres projectes, creant l'estudi de l'impacte ecol\u00f2gic i la seva repercussi\u00f3 econ\u00f2mica. Gr\u00e0cies al treball conjunt ens permet reduir aquest impacte ecol\u00f2gic i econ\u00f2mic al projecte.<\/div><\/div><div id=\"div_block-94-98\" class=\"ct-div-block\" ><img decoding=\"async\"  id=\"image-97-98\" alt=\"\" src=\"https:\/\/arquitecturasincera.com\/wp-content\/uploads\/2021\/11\/LOGO-AOD-AI-1-1.jpg\" class=\"ct-image as-colaboradores-img\"\/><div id=\"text_block-145-98\" class=\"ct-text-block as-colaboradores-txt\" >L'Anna \u00e9s aparelladora i ofereix la seva col\u00b7laboraci\u00f3 en direcci\u00f3 d'obra dels projectes. La seva creen\u00e7a en l'\u00fas de les energies renovables i els materials naturals fa de la seva col\u00b7laboraci\u00f3 un valor afegit als nostres projectes.<\/div><\/div><div id=\"div_block-95-98\" class=\"ct-div-block\" ><img decoding=\"async\"  id=\"image-98-98\" alt=\"\" src=\"https:\/\/arquitecturasincera.com\/wp-content\/uploads\/2021\/11\/image-11.jpg\" class=\"ct-image as-colaboradores-img\"\/><div id=\"text_block-146-98\" class=\"ct-text-block as-colaboradores-txt\" >Rafa des de la seva experi\u00e8ncia en vegetaci\u00f3 ens aconsella en l\u00b4\u00fas de vegetaci\u00f3 que permeti, entre d\u00b4altres, el baix consum h\u00eddric, depurar l\u00b4aire interior o la reducci\u00f3 de l\u00b4estr\u00e8s i aix\u00ed poder minimitzar l\u00b4empremta ecol\u00f2gica en els nostres projectes.<\/div><\/div><\/div><\/div><\/section>\n\n<section id=\"section-101-98\" class=\" ct-section\" ><div class=\"ct-section-inner-wrap\"><div id=\"div_block-102-98\" class=\"ct-div-block es-bar\" ><\/div><h2 id=\"headline-103-98\" class=\"ct-headline es-estudio-h2\">Et preguntes si pots aportar el teu gra de sorra per frenar el canvi clim\u00e0tic?<\/h2><div id=\"text_block-105-98\" class=\"ct-text-block\" >La resposta \u00e9s que SI. Per petita que sigui l'acci\u00f3 tot suma i nosaltres et podem ajudar a aplicar-ho al teu projecte de la manera que millor s'adapti a tu.<\/div><div id=\"new_columns-107-98\" class=\"ct-new-columns\" ><div id=\"div_block-108-98\" class=\"ct-div-block\" ><img decoding=\"async\"  id=\"image-110-98\" alt=\"\" src=\"https:\/\/arquitecturasincera.com\/wp-content\/uploads\/2021\/11\/Group-453.svg\" class=\"ct-image\"\/><\/div><div id=\"div_block-109-98\" class=\"ct-div-block\" ><div id=\"as-el-studio-form\" class=\"ct-shortcode\" ><div class='fluentform ff-default fluentform_wrapper_3 ffs_custom_wrap'><form data-form_id=\"3\" id=\"fluentform_3\" class=\"frm-fluent-form fluent_form_3 ff-el-form-top ff_form_instance_3_1 ff-form-loading ffs_custom\" data-form_instance=\"ff_form_instance_3_1\" method=\"POST\" ><fieldset  style=\"border: none!important;margin: 0!important;padding: 0!important;background-color: transparent!important;box-shadow: none!important;outline: none!important; min-inline-size: 100%;\">\n                    <legend class=\"ff_screen_reader_title\" style=\"display: block; margin: 0!important;padding: 0!important;height: 0!important;text-indent: -999999px;width: 0!important;overflow:hidden;\">Contact Form (cat)<\/legend>        <div\n                style=\"display: none!important; position: absolute!important; transform: translateX(1000%)!important;\"\n                class=\"ff-el-group ff-hpsf-container\"\n        >\n            <div class=\"ff-el-input--label asterisk-right\">\n                <label for=\"ff_3_item_sf\" aria-label=\"Contact\">\n                    Contact                <\/label>\n            <\/div>\n            <div class=\"ff-el-input--content\">\n                <input type=\"text\"\n                       name=\"item_3__fluent_sf\"\n                       class=\"ff-el-form-control\"\n                       id=\"ff_3_item_sf\"\n                \/>\n            <\/div>\n        <\/div>\n        <input type='hidden' name='__fluent_form_embded_post_id' value='517' \/><input type=\"hidden\" id=\"_fluentform_3_fluentformnonce\" name=\"_fluentform_3_fluentformnonce\" value=\"83e6b135c1\" \/><input type=\"hidden\" name=\"_wp_http_referer\" value=\"\/ca\/wp-json\/wp\/v2\/pages\/517\" \/><div data-type=\"name-element\" data-name=\"names\" class=\" ff-field_container ff-name-field-wrapper\" ><div class='ff-t-container'><div class='ff-t-cell '><div class='ff-el-group'><div class=\"ff-el-input--label ff-el-is-required asterisk-right\"><label for='ff_3_names_first_name_' id='label_ff_3_names_first_name_' >Nom<\/label><\/div><div class='ff-el-input--content'><input type=\"text\" name=\"names[first_name]\" id=\"ff_3_names_first_name_\" class=\"ff-el-form-control\" aria-invalid=\"false\" aria-required=true><\/div><\/div><\/div><div class='ff-t-cell '><div class='ff-el-group'><div class=\"ff-el-input--label ff-el-is-required asterisk-right\"><label for='ff_3_names_last_name_' id='label_ff_3_names_last_name_' >Cognom<\/label><\/div><div class='ff-el-input--content'><input type=\"text\" name=\"names[last_name]\" id=\"ff_3_names_last_name_\" class=\"ff-el-form-control\" aria-invalid=\"false\" aria-required=true><\/div><\/div><\/div><\/div><\/div><div class='ff-el-group'><div class=\"ff-el-input--label ff-el-is-required asterisk-right\"><label for='ff_3_email' id='label_ff_3_email' aria-label=\"Correu electr\u00f2nic\">Correu electr\u00f2nic<\/label><\/div><div class='ff-el-input--content'><input type=\"email\" name=\"email\" id=\"ff_3_email\" class=\"ff-el-form-control\" data-name=\"email\"  aria-invalid=\"false\" aria-required=true><\/div><\/div><div class='ff-el-group'><div class=\"ff-el-input--label ff-el-is-required asterisk-right\"><label for='ff_3_subject' id='label_ff_3_subject' aria-label=\"Assumpte\">Assumpte<\/label><\/div><div class='ff-el-input--content'><input type=\"text\" name=\"subject\" class=\"ff-el-form-control\" data-name=\"subject\" id=\"ff_3_subject\"  aria-invalid=\"false\" aria-required=true><\/div><\/div><div class='ff-el-group'><div class=\"ff-el-input--label asterisk-right\"><label for='ff_3_message' id='label_ff_3_message' aria-label=\"Missatge\">Missatge<\/label><\/div><div class='ff-el-input--content'><textarea aria-required=\"false\" aria-labelledby=\"label_ff_3_message\" name=\"message\" id=\"ff_3_message\" class=\"ff-el-form-control\" rows=\"4\" cols=\"2\" data-name=\"message\" ><\/textarea><\/div><\/div><div class='ff-el-group    ff-el-input--content'><div class='ff-el-form-check ff-el-tc'><label aria-label='Terms and Conditions: He llegit i accepto la pol\u00edtica de privadesa  y condicions legals Contains 2 links. Use tab navigation to review.' class='ff-el-form-check-label ff_tc_label' for=gdpr-agreement_5fefdb631759b54bc5761d35d934cc79><span class='ff_tc_checkbox'><input type=\"checkbox\" name=\"gdpr-agreement\" class=\"ff-el-form-check-input ff_gdpr_field\" data-name=\"gdpr-agreement\" id=\"gdpr-agreement_5fefdb631759b54bc5761d35d934cc79\"  value='on' aria-invalid='false' aria-required=true><\/span> <div class='ff_t_c'>He llegit i accepto la <a href=\"https:\/\/lawwwing.com\/documents\/4c86dd50-8c8a-426e-908e-396aeb1ad33a\/privacy-policy\/es\/\" target=\"_blank\">pol\u00edtica de privadesa <\/a> y <a href=\"https:\/\/lawwwing.com\/documents\/4c86dd50-8c8a-426e-908e-396aeb1ad33a\/legal-notice\/es\/\" target=\"_blank\">condicions legals<\/a><\/div><\/label><\/div><\/div><div class='ff-el-group ' ><div class='ff-el-input--content'><div data-fluent_id='3' name='g-recaptcha-response'><div\n\t\tdata-sitekey='6LcD1BYqAAAAABI6-BXTLLMx8iDXq_7NLwH2-MNl'\n\t\tid='fluentform-recaptcha-3-1'\n\t\tclass='ff-el-recaptcha g-recaptcha'\n\t\tdata-callback='fluentFormrecaptchaSuccessCallback'><\/div><\/div><\/div><\/div><div class='ff-el-group ff-text-right ff_submit_btn_wrapper'><button type=\"submit\" class=\"ff-btn ff-btn-submit ff-btn-md ff_btn_style wpf_has_custom_css\"  aria-label=\"Enviar\">Enviar<\/button><\/div><\/fieldset><\/form><div id='fluentform_3_errors' class='ff-errors-in-stack ff_form_instance_3_1 ff-form-loading_errors ff_form_instance_3_1_errors'><\/div><\/div>            <script type=\"text\/javascript\">\n                window.fluent_form_ff_form_instance_3_1 = {\"id\":\"3\",\"ajaxUrl\":\"https:\\\/\\\/arquitecturasincera.com\\\/wp-admin\\\/admin-ajax.php\",\"settings\":{\"layout\":{\"labelPlacement\":\"top\",\"helpMessagePlacement\":\"with_label\",\"errorMessagePlacement\":\"inline\",\"cssClassName\":\"\",\"asteriskPlacement\":\"asterisk-right\"},\"restrictions\":{\"denyEmptySubmission\":{\"enabled\":false}}},\"form_instance\":\"ff_form_instance_3_1\",\"form_id_selector\":\"fluentform_3\",\"rules\":{\"names[first_name]\":{\"required\":{\"value\":true,\"message\":\"El camp \\u00e9s obligatori.\",\"global\":false,\"global_message\":\"Este campo es obligatorio\"}},\"names[middle_name]\":{\"required\":{\"value\":false,\"message\":\"This field is required\",\"global\":false,\"global_message\":\"Este campo es obligatorio\"}},\"names[last_name]\":{\"required\":{\"value\":true,\"message\":\"El camp \\u00e9s obligatori.\",\"global\":false,\"global_message\":\"Este campo es obligatorio\"}},\"email\":{\"required\":{\"value\":true,\"message\":\"El camp \\u00e9s obligatori.\",\"global\":false,\"global_message\":\"Este campo es obligatorio\"},\"email\":{\"value\":true,\"message\":\"Aquest camp ha de contenir un correu electr\\u00f2nic v\\u00e0lid\",\"global\":false,\"global_message\":\"Este campo debe contener un correo electr\\u00f3nico v\\u00e1lido\"}},\"subject\":{\"required\":{\"value\":true,\"message\":\"El camp \\u00e9s obligatori.\",\"global\":false,\"global_message\":\"Este campo es obligatorio\"}},\"message\":{\"required\":{\"value\":false,\"message\":\"This field is required\",\"global\":false,\"global_message\":\"Este campo es obligatorio\"}},\"gdpr-agreement\":{\"required\":{\"value\":true,\"message\":\"El camp \\u00e9s obligatori.\",\"global\":false,\"global_message\":\"Este campo es obligatorio\"}},\"g-recaptcha-response\":[]},\"debounce_time\":300};\n                            <\/script>\n            <\/div><\/div><\/div><div id=\"code_block-10-516\" class=\"ct-code-block\" ><\/div><\/div><\/section>","protected":false},"excerpt":{"rendered":"","protected":false},"author":3,"featured_media":383,"parent":0,"menu_order":0,"comment_status":"closed","ping_status":"closed","template":"","meta":{"_acf_changed":false,"pgc_sgb_lightbox_settings":"","_joinchat":[],"footnotes":""},"class_list":["post-517","page","type-page","status-publish","has-post-thumbnail","hentry"],"acf":[],"_links":{"self":[{"href":"https:\/\/arquitecturasincera.com\/ca\/wp-json\/wp\/v2\/pages\/517","targetHints":{"allow":["GET"]}}],"collection":[{"href":"https:\/\/arquitecturasincera.com\/ca\/wp-json\/wp\/v2\/pages"}],"about":[{"href":"https:\/\/arquitecturasincera.com\/ca\/wp-json\/wp\/v2\/types\/page"}],"author":[{"embeddable":true,"href":"https:\/\/arquitecturasincera.com\/ca\/wp-json\/wp\/v2\/users\/3"}],"replies":[{"embeddable":true,"href":"https:\/\/arquitecturasincera.com\/ca\/wp-json\/wp\/v2\/comments?post=517"}],"version-history":[{"count":7,"href":"https:\/\/arquitecturasincera.com\/ca\/wp-json\/wp\/v2\/pages\/517\/revisions"}],"predecessor-version":[{"id":1145,"href":"https:\/\/arquitecturasincera.com\/ca\/wp-json\/wp\/v2\/pages\/517\/revisions\/1145"}],"wp:featuredmedia":[{"embeddable":true,"href":"https:\/\/arquitecturasincera.com\/ca\/wp-json\/wp\/v2\/media\/383"}],"wp:attachment":[{"href":"https:\/\/arquitecturasincera.com\/ca\/wp-json\/wp\/v2\/media?parent=517"}],"curies":[{"name":"wp","href":"https:\/\/api.w.org\/{rel}","templated":true}]}}